{"id":10,"date":"2025-01-19T22:57:29","date_gmt":"2025-01-19T19:57:29","guid":{"rendered":"http:\/\/localhost\/wordpress\/?page_id=10"},"modified":"2025-04-15T14:34:12","modified_gmt":"2025-04-15T11:34:12","slug":"servicos","status":"publish","type":"page","link":"https:\/\/correcta.pt\/fr\/servicos\/","title":{"rendered":"Services"},"content":{"rendered":"<div class=\"wp-block-group is-layout-constrained wp-block-group-is-layout-constrained\">\n<div class=\"wp-block-columns cr-card-box is-layout-flex wp-container-core-columns-is-layout-9d6595d7 wp-block-columns-is-layout-flex\">\n<div class=\"wp-block-column is-layout-flow wp-block-column-is-layout-flow\">\n<figure class=\"wp-block-image size-full\"><img decoding=\"async\" src=\"https:\/\/correcta.pt\/wp-content\/uploads\/2025\/04\/correcta-engenharia-01.jpg\" alt=\"\" class=\"wp-image-590\"\/><\/figure>\n<\/div>\n\n\n\n<div class=\"wp-block-column is-layout-flow wp-block-column-is-layout-flow\">\n<h2 class=\"wp-block-heading\"><strong>Ing\u00e9nierie<\/strong><\/h2>\n\n\n\n<p>Nous disposons d'un service d'ing\u00e9nierie sp\u00e9cialis\u00e9, ax\u00e9 sur l'innovation et la durabilit\u00e9, pour concevoir des solutions de haute qualit\u00e9 adapt\u00e9es aux besoins de nos clients.<\/p>\n<\/div>\n<\/div>\n<\/div>\n\n\n\n<div class=\"wp-block-group full-bg-column is-layout-constrained wp-block-group-is-layout-constrained\">\n<div class=\"wp-block-columns is-layout-flex wp-container-core-columns-is-layout-9d6595d7 wp-block-columns-is-layout-flex\">\n<div class=\"wp-block-column is-layout-flow wp-block-column-is-layout-flow\">\n<h2 class=\"wp-block-heading has-text-align-center\"><strong>Capacit\u00e9 technique<\/strong><\/h2>\n\n\n\n<p class=\"has-text-align-center\">Nos services comprennent le pliage, la d\u00e9coupe CNC et le calandrage, garantissant ainsi la pr\u00e9cision et la qualit\u00e9 des solutions de formage et de traitement des m\u00e9taux. Nous r\u00e9pondons \u00e0 des projets industriels avec une technologie avanc\u00e9e et des finitions personnalis\u00e9es.<\/p>\n\n\n\n<div class=\"wp-block-columns servicos-card is-layout-flex wp-container-core-columns-is-layout-9d6595d7 wp-block-columns-is-layout-flex\">\n<div class=\"wp-block-column is-layout-flow wp-block-column-is-layout-flow\">\n<figure class=\"wp-block-image size-full\"><img loading=\"lazy\" decoding=\"async\" width=\"314\" height=\"219\" src=\"https:\/\/correcta.pt\/wp-content\/uploads\/2025\/04\/correcta-quinagem-01.jpg\" alt=\"\" class=\"wp-image-633\" srcset=\"https:\/\/correcta.pt\/wp-content\/uploads\/2025\/04\/correcta-quinagem-01.jpg 314w, https:\/\/correcta.pt\/wp-content\/uploads\/2025\/04\/correcta-quinagem-01-300x209.jpg 300w, https:\/\/correcta.pt\/wp-content\/uploads\/2025\/04\/correcta-quinagem-01-18x12.jpg 18w\" sizes=\"auto, (max-width: 314px) 100vw, 314px\" \/><\/figure>\n\n\n\n<h3 class=\"wp-block-heading\">Pliage<\/h3>\n\n\n\n<p>Nous utilisons des \u00e9quipements sp\u00e9cialis\u00e9s pour plier les t\u00f4les et fa\u00e7onner les pi\u00e8ces avec pr\u00e9cision.<\/p>\n<\/div>\n\n\n\n<div class=\"wp-block-column is-layout-flow wp-block-column-is-layout-flow\">\n<figure class=\"wp-block-image size-full\"><img loading=\"lazy\" decoding=\"async\" width=\"314\" height=\"219\" src=\"https:\/\/correcta.pt\/wp-content\/uploads\/2025\/04\/correcta-laser-02.jpg\" alt=\"\" class=\"wp-image-632\" srcset=\"https:\/\/correcta.pt\/wp-content\/uploads\/2025\/04\/correcta-laser-02.jpg 314w, https:\/\/correcta.pt\/wp-content\/uploads\/2025\/04\/correcta-laser-02-300x209.jpg 300w, https:\/\/correcta.pt\/wp-content\/uploads\/2025\/04\/correcta-laser-02-18x12.jpg 18w\" sizes=\"auto, (max-width: 314px) 100vw, 314px\" \/><\/figure>\n\n\n\n<h3 class=\"wp-block-heading\">D\u00e9coupe au laser<\/h3>\n\n\n\n<p>Nous r\u00e9alisons des d\u00e9coupes pr\u00e9cises et personnalis\u00e9es par d\u00e9coupe laser assist\u00e9e par ordinateur dans divers mat\u00e9riaux m\u00e9talliques.<\/p>\n<\/div>\n\n\n\n<div class=\"wp-block-column is-layout-flow wp-block-column-is-layout-flow\">\n<figure class=\"wp-block-image size-full\"><img loading=\"lazy\" decoding=\"async\" width=\"314\" height=\"219\" src=\"https:\/\/correcta.pt\/wp-content\/uploads\/2025\/04\/correcta-calandra-01.jpg\" alt=\"\" class=\"wp-image-631\" srcset=\"https:\/\/correcta.pt\/wp-content\/uploads\/2025\/04\/correcta-calandra-01.jpg 314w, https:\/\/correcta.pt\/wp-content\/uploads\/2025\/04\/correcta-calandra-01-300x209.jpg 300w, https:\/\/correcta.pt\/wp-content\/uploads\/2025\/04\/correcta-calandra-01-18x12.jpg 18w\" sizes=\"auto, (max-width: 314px) 100vw, 314px\" \/><\/figure>\n\n\n\n<h3 class=\"wp-block-heading\">Calendrier<\/h3>\n\n\n\n<p>Nous disposons d'\u00e9quipements permettant de plier des t\u00f4les pour cr\u00e9er des formes cylindriques ou coniques avec une grande pr\u00e9cision.<\/p>\n<\/div>\n<\/div>\n<\/div>\n<\/div>\n<\/div>\n\n\n\n<div class=\"wp-block-group is-layout-constrained wp-block-group-is-layout-constrained\">\n<div class=\"wp-block-columns is-layout-flex wp-container-core-columns-is-layout-9d6595d7 wp-block-columns-is-layout-flex\">\n<div class=\"wp-block-column is-layout-flow wp-block-column-is-layout-flow\">\n<h2 class=\"wp-block-heading has-text-align-center\"><strong>Production<\/strong><\/h2>\n\n\n\n<p class=\"has-text-align-center\">Dans notre production, nous nous sp\u00e9cialisons dans la fabrication de rampes, de garde-corps et de cl\u00f4tures, en utilisant des technologies et des solutions avanc\u00e9es pour garantir la s\u00e9curit\u00e9 et la durabilit\u00e9 de chaque projet.<\/p>\n\n\n\n<div class=\"wp-block-columns servicos-card is-layout-flex wp-container-core-columns-is-layout-9d6595d7 wp-block-columns-is-layout-flex\">\n<div class=\"wp-block-column is-layout-flow wp-block-column-is-layout-flow\">\n<figure class=\"wp-block-image size-full\"><img loading=\"lazy\" decoding=\"async\" width=\"314\" height=\"219\" src=\"https:\/\/correcta.pt\/wp-content\/uploads\/2025\/04\/correcta-gradil-01.jpg\" alt=\"\" class=\"wp-image-634\" srcset=\"https:\/\/correcta.pt\/wp-content\/uploads\/2025\/04\/correcta-gradil-01.jpg 314w, https:\/\/correcta.pt\/wp-content\/uploads\/2025\/04\/correcta-gradil-01-300x209.jpg 300w, https:\/\/correcta.pt\/wp-content\/uploads\/2025\/04\/correcta-gradil-01-18x12.jpg 18w\" sizes=\"auto, (max-width: 314px) 100vw, 314px\" \/><\/figure>\n\n\n\n<h3 class=\"wp-block-heading\">Garde-corps<\/h3>\n\n\n\n<p>Pour la production de garde-corps, nous utilisons des mat\u00e9riaux de haute qualit\u00e9 et des techniques avanc\u00e9es pour garantir la solidit\u00e9 et la s\u00e9curit\u00e9.<\/p>\n<\/div>\n\n\n\n<div class=\"wp-block-column is-layout-flow wp-block-column-is-layout-flow\">\n<figure class=\"wp-block-image size-full\"><img loading=\"lazy\" decoding=\"async\" width=\"314\" height=\"219\" src=\"https:\/\/correcta.pt\/wp-content\/uploads\/2025\/04\/correcta-guarda_corpos-01.jpg\" alt=\"\" class=\"wp-image-636\" srcset=\"https:\/\/correcta.pt\/wp-content\/uploads\/2025\/04\/correcta-guarda_corpos-01.jpg 314w, https:\/\/correcta.pt\/wp-content\/uploads\/2025\/04\/correcta-guarda_corpos-01-300x209.jpg 300w, https:\/\/correcta.pt\/wp-content\/uploads\/2025\/04\/correcta-guarda_corpos-01-18x12.jpg 18w\" sizes=\"auto, (max-width: 314px) 100vw, 314px\" \/><\/figure>\n\n\n\n<h3 class=\"wp-block-heading\">Gardes du corps<\/h3>\n\n\n\n<p>Gr\u00e2ce \u00e0 notre technologie et \u00e0 notre savoir-faire, nous produisons des garde-corps au design personnalis\u00e9, garantissant s\u00e9curit\u00e9 et esth\u00e9tique.<\/p>\n<\/div>\n\n\n\n<div class=\"wp-block-column is-layout-flow wp-block-column-is-layout-flow\">\n<figure class=\"wp-block-image size-full\"><img loading=\"lazy\" decoding=\"async\" width=\"314\" height=\"219\" src=\"https:\/\/correcta.pt\/wp-content\/uploads\/2025\/04\/correcta-vedacoes-01.jpg\" alt=\"\" class=\"wp-image-637\" srcset=\"https:\/\/correcta.pt\/wp-content\/uploads\/2025\/04\/correcta-vedacoes-01.jpg 314w, https:\/\/correcta.pt\/wp-content\/uploads\/2025\/04\/correcta-vedacoes-01-300x209.jpg 300w, https:\/\/correcta.pt\/wp-content\/uploads\/2025\/04\/correcta-vedacoes-01-18x12.jpg 18w\" sizes=\"auto, (max-width: 314px) 100vw, 314px\" \/><\/figure>\n\n\n\n<h3 class=\"wp-block-heading\">Joints<\/h3>\n\n\n\n<p>Nous produisons des joints m\u00e9talliques robustes en utilisant des technologies avanc\u00e9es pour garantir la r\u00e9sistance et la protection.<\/p>\n<\/div>\n<\/div>\n<\/div>\n<\/div>\n<\/div>\n\n\n\n<div class=\"wp-block-group full-bg-column is-layout-constrained wp-block-group-is-layout-constrained\">\n<div class=\"wp-block-columns is-layout-flex wp-container-core-columns-is-layout-9d6595d7 wp-block-columns-is-layout-flex\">\n<div class=\"wp-block-column is-layout-flow wp-block-column-is-layout-flow\">\n<h2 class=\"wp-block-heading has-text-align-center\">Projets sp\u00e9ciaux<\/h2>\n\n\n\n<p class=\"has-text-align-center\">Notre capacit\u00e9 \u00e0 d\u00e9velopper des projets d'ing\u00e9nierie, avec des solutions technologiques de production et une main-d'\u0153uvre sp\u00e9cialis\u00e9e, nous permet de prendre en charge des projets sp\u00e9ciaux, qu'ils soient petits ou grands.<\/p>\n\n\n\n<div class=\"wp-block-columns servicos-card is-layout-flex wp-container-core-columns-is-layout-9d6595d7 wp-block-columns-is-layout-flex\">\n<div class=\"wp-block-column is-layout-flow wp-block-column-is-layout-flow\">\n<figure class=\"wp-block-image size-full\"><img loading=\"lazy\" decoding=\"async\" width=\"315\" height=\"235\" src=\"https:\/\/correcta.pt\/wp-content\/uploads\/2025\/04\/correcta-arte-01.jpg\" alt=\"\" class=\"wp-image-599\" srcset=\"https:\/\/correcta.pt\/wp-content\/uploads\/2025\/04\/correcta-arte-01.jpg 315w, https:\/\/correcta.pt\/wp-content\/uploads\/2025\/04\/correcta-arte-01-300x224.jpg 300w, https:\/\/correcta.pt\/wp-content\/uploads\/2025\/04\/correcta-arte-01-16x12.jpg 16w\" sizes=\"auto, (max-width: 315px) 100vw, 315px\" \/><\/figure>\n\n\n\n<h3 class=\"wp-block-heading\">\u0152uvres d'art<\/h3>\n\n\n\n<p>Nous r\u00e9alisons des pi\u00e8ces uniques en utilisant les derni\u00e8res technologies pour obtenir l'effet esth\u00e9tique souhait\u00e9.<\/p>\n<\/div>\n\n\n\n<div class=\"wp-block-column is-layout-flow wp-block-column-is-layout-flow\">\n<figure class=\"wp-block-image size-full\"><img loading=\"lazy\" decoding=\"async\" width=\"315\" height=\"235\" src=\"https:\/\/correcta.pt\/wp-content\/uploads\/2025\/04\/correcta_ponte-01.jpg\" alt=\"\" class=\"wp-image-597\" srcset=\"https:\/\/correcta.pt\/wp-content\/uploads\/2025\/04\/correcta_ponte-01.jpg 315w, https:\/\/correcta.pt\/wp-content\/uploads\/2025\/04\/correcta_ponte-01-300x224.jpg 300w, https:\/\/correcta.pt\/wp-content\/uploads\/2025\/04\/correcta_ponte-01-16x12.jpg 16w\" sizes=\"auto, (max-width: 315px) 100vw, 315px\" \/><\/figure>\n\n\n\n<h3 class=\"wp-block-heading\">Passerelles<\/h3>\n\n\n\n<p>Nous construisons des passerelles et des ponts pour pi\u00e9tons, en garantissant avec succ\u00e8s la qualit\u00e9 esth\u00e9tique et la s\u00e9curit\u00e9 structurelle.<\/p>\n<\/div>\n\n\n\n<div class=\"wp-block-column is-layout-flow wp-block-column-is-layout-flow\">\n<figure class=\"wp-block-image size-full\"><img loading=\"lazy\" decoding=\"async\" width=\"315\" height=\"235\" src=\"https:\/\/correcta.pt\/wp-content\/uploads\/2025\/04\/correcta-comporta-01-1.jpg\" alt=\"\" class=\"wp-image-595\" srcset=\"https:\/\/correcta.pt\/wp-content\/uploads\/2025\/04\/correcta-comporta-01-1.jpg 315w, https:\/\/correcta.pt\/wp-content\/uploads\/2025\/04\/correcta-comporta-01-1-300x224.jpg 300w, https:\/\/correcta.pt\/wp-content\/uploads\/2025\/04\/correcta-comporta-01-1-16x12.jpg 16w\" sizes=\"auto, (max-width: 315px) 100vw, 315px\" \/><\/figure>\n\n\n\n<h3 class=\"wp-block-heading\">Portes<\/h3>\n\n\n\n<p>Produites \u00e0 grande \u00e9chelle, les vannes impliquent une grande rigueur dans la construction et l'assemblage.<\/p>\n<\/div>\n<\/div>\n<\/div>\n<\/div>\n<\/div>\n\n\n\n<div class=\"wp-block-group is-layout-constrained wp-block-group-is-layout-constrained\">\n<div class=\"wp-block-columns cr-card-box is-layout-flex wp-container-core-columns-is-layout-9d6595d7 wp-block-columns-is-layout-flex\">\n<div class=\"wp-block-column is-layout-flow wp-block-column-is-layout-flow\">\n<figure class=\"wp-block-image size-full\"><img loading=\"lazy\" decoding=\"async\" width=\"350\" height=\"331\" src=\"https:\/\/correcta.pt\/wp-content\/uploads\/2025\/04\/correcta-montagem.jpg\" alt=\"\" class=\"wp-image-584\" srcset=\"https:\/\/correcta.pt\/wp-content\/uploads\/2025\/04\/correcta-montagem.jpg 350w, https:\/\/correcta.pt\/wp-content\/uploads\/2025\/04\/correcta-montagem-300x284.jpg 300w, https:\/\/correcta.pt\/wp-content\/uploads\/2025\/04\/correcta-montagem-13x12.jpg 13w\" sizes=\"auto, (max-width: 350px) 100vw, 350px\" \/><\/figure>\n<\/div>\n\n\n\n<div class=\"wp-block-column is-layout-flow wp-block-column-is-layout-flow\">\n<h2 class=\"wp-block-heading\"><strong>Assembl\u00e9e<\/strong><\/h2>\n\n\n\n<p>Notre processus d'assemblage se caract\u00e9rise par une approche int\u00e9gr\u00e9e ax\u00e9e sur la qualit\u00e9. Nous r\u00e9alisons l'assemblage de diverses structures m\u00e9talliques et de syst\u00e8mes complexes, en utilisant des technologies de pointe et des \u00e9quipes sp\u00e9cialis\u00e9es pour garantir la conformit\u00e9.<\/p>\n<\/div>\n<\/div>\n<\/div>\n\n\n<div class=\"container-fluid bg-contact\">\r\n    <div class=\"row bg-contact-row\">\r\n        <div class=\"col-md-7\">\r\n            <div class=\"bg-contact-text\">Il s'agit de la premi\u00e8re \u00e9tape vers la finalisation de votre projet.<\/div>\r\n        <\/div>\r\n        <div class=\"col-md-5\">\r\n        <a href=\"https:\/\/correcta.pt\/fr\/contacto\/\" class=\"btn cro-btn hover-border-5\"><span>CONTACTEZ-NOUS<\/span><\/a>           \r\n        <\/div>\r\n    <\/div>\r\n<\/div>","protected":false},"excerpt":{"rendered":"<p>Engenharia Temos um servi\u00e7o especializado de engenharia, com o foco na inova\u00e7\u00e3o e sustentabilidade, para projetar solu\u00e7\u00f5es de alta qualidade, ajustadas \u00e0s necessidades dos clientes. Capacidade T\u00e9cnica Os nossos servi\u00e7os incluem quinagem, corte CNC e calandra, garantindo precis\u00e3o e qualidade em solu\u00e7\u00f5es de conforma\u00e7\u00e3o e processamento de metais. Atendemos projetos industriais com tecnologia avan\u00e7ada e [&hellip;]<\/p>\n","protected":false},"author":1,"featured_media":589,"parent":0,"menu_order":0,"comment_status":"closed","ping_status":"closed","template":"","meta":{"footnotes":""},"class_list":["post-10","page","type-page","status-publish","has-post-thumbnail","hentry"],"_links":{"self":[{"href":"https:\/\/correcta.pt\/fr\/wp-json\/wp\/v2\/pages\/10","targetHints":{"allow":["GET"]}}],"collection":[{"href":"https:\/\/correcta.pt\/fr\/wp-json\/wp\/v2\/pages"}],"about":[{"href":"https:\/\/correcta.pt\/fr\/wp-json\/wp\/v2\/types\/page"}],"author":[{"embeddable":true,"href":"https:\/\/correcta.pt\/fr\/wp-json\/wp\/v2\/users\/1"}],"replies":[{"embeddable":true,"href":"https:\/\/correcta.pt\/fr\/wp-json\/wp\/v2\/comments?post=10"}],"version-history":[{"count":37,"href":"https:\/\/correcta.pt\/fr\/wp-json\/wp\/v2\/pages\/10\/revisions"}],"predecessor-version":[{"id":639,"href":"https:\/\/correcta.pt\/fr\/wp-json\/wp\/v2\/pages\/10\/revisions\/639"}],"wp:featuredmedia":[{"embeddable":true,"href":"https:\/\/correcta.pt\/fr\/wp-json\/wp\/v2\/media\/589"}],"wp:attachment":[{"href":"https:\/\/correcta.pt\/fr\/wp-json\/wp\/v2\/media?parent=10"}],"curies":[{"name":"wp","href":"https:\/\/api.w.org\/{rel}","templated":true}]}}